{"id":129,"date":"2024-03-12T10:31:51","date_gmt":"2024-03-12T09:31:51","guid":{"rendered":"http:\/\/velo.cwb.ovh\/?page_id=129"},"modified":"2024-04-16T14:00:56","modified_gmt":"2024-04-16T12:00:56","slug":"les-extras","status":"publish","type":"page","link":"https:\/\/veloclubrochefort.be\/index.php\/les-extras\/","title":{"rendered":"Les Extras"},"content":{"rendered":"<p>[et_pb_section fb_built=\u00a0\u00bb1&Prime; admin_label=\u00a0\u00bbHeader\u00a0\u00bb _builder_version=\u00a0\u00bb4.24.2&Prime; _module_preset=\u00a0\u00bbdefault\u00a0\u00bb background_image=\u00a0\u00bbhttp:\/\/velo.cwb.ovh\/wp-content\/uploads\/2024\/03\/fond-banner.png\u00a0\u00bb background_position=\u00a0\u00bbtop_center\u00a0\u00bb custom_padding=\u00a0\u00bb1.5px||1.5px||false|false\u00a0\u00bb locked=\u00a0\u00bboff\u00a0\u00bb collapsed=\u00a0\u00bboff\u00a0\u00bb global_colors_info=\u00a0\u00bb{}\u00a0\u00bb][et_pb_row _builder_version=\u00a0\u00bb4.24.2&Prime; _module_preset=\u00a0\u00bbdefault\u00a0\u00bb global_colors_info=\u00a0\u00bb{}\u00a0\u00bb][et_pb_column type=\u00a0\u00bb4_4&Prime; _builder_version=\u00a0\u00bb4.24.2&Prime; _module_preset=\u00a0\u00bbdefault\u00a0\u00bb global_colors_info=\u00a0\u00bb{}\u00a0\u00bb][et_pb_divider show_divider=\u00a0\u00bboff\u00a0\u00bb _builder_version=\u00a0\u00bb4.24.2&Prime; _module_preset=\u00a0\u00bbdefault\u00a0\u00bb global_colors_info=\u00a0\u00bb{}\u00a0\u00bb][\/et_pb_divider][\/et_pb_column][\/et_pb_row][\/et_pb_section][et_pb_section fb_built=\u00a0\u00bb1&Prime; admin_label=\u00a0\u00bbMission\u00a0\u00bb _builder_version=\u00a0\u00bb4.24.2&Prime; _module_preset=\u00a0\u00bbdefault\u00a0\u00bb min_height=\u00a0\u00bb3129.7px\u00a0\u00bb custom_margin=\u00a0\u00bb-0.1%||||false|false\u00a0\u00bb custom_padding=\u00a0\u00bb0px||28px||false|false\u00a0\u00bb locked=\u00a0\u00bboff\u00a0\u00bb collapsed=\u00a0\u00bboff\u00a0\u00bb global_colors_info=\u00a0\u00bb{}\u00a0\u00bb][et_pb_row _builder_version=\u00a0\u00bb4.24.2&Prime; _module_preset=\u00a0\u00bbdefault\u00a0\u00bb global_colors_info=\u00a0\u00bb{}\u00a0\u00bb][et_pb_column type=\u00a0\u00bb4_4&Prime; _builder_version=\u00a0\u00bb4.24.2&Prime; _module_preset=\u00a0\u00bbdefault\u00a0\u00bb global_colors_info=\u00a0\u00bb{}\u00a0\u00bb][et_pb_text _builder_version=\u00a0\u00bb4.24.2&Prime; _module_preset=\u00a0\u00bbdefault\u00a0\u00bb text_font=\u00a0\u00bb||||on||||\u00a0\u00bb global_colors_info=\u00a0\u00bb{}\u00a0\u00bb]<\/p>\n<div id=\"content\">\n<div class=\"post\">\n<p><a href=\"http:\/\/veloclubrochefort.be\/uploads\/calendrier\/programme%20route%20vcr%202020%20Site.pdf\" target=\"_blank\" rel=\"noopener\">T\u00e9l\u00e9chargement du programme club complet des sorties routes et cyclos printemps-\u00e9t\u00e9<\/a>\u00a0<br \/><a href=\"http:\/\/veloclubrochefort.be\/uploads\/calendrier\/programme%20vtt%20vcr%202020%20Site.pdf\" target=\"_blank\" rel=\"noopener\">T\u00e9l\u00e9chargement du programme club complet des sorties VTT printemps-\u00e9t\u00e9<\/a><br \/><a href=\"http:\/\/veloclubrochefort.be\/uploads\/file\/calnam2020.pdf\" target=\"_blank\" rel=\"noopener\">Calendrier provincial<\/a><\/p>\n<\/div>\n<\/div>\n<p>[\/et_pb_text][\/et_pb_column][\/et_pb_row][et_pb_row admin_label=\u00a0\u00bbLigne\u00a0\u00bb _builder_version=\u00a0\u00bb4.24.2&Prime; _module_preset=\u00a0\u00bbdefault\u00a0\u00bb custom_margin=\u00a0\u00bb0%||0%||false|false\u00a0\u00bb custom_padding=\u00a0\u00bb0%||0.4%||false|false\u00a0\u00bb locked=\u00a0\u00bboff\u00a0\u00bb global_colors_info=\u00a0\u00bb{}\u00a0\u00bb][et_pb_column type=\u00a0\u00bb4_4&Prime; _builder_version=\u00a0\u00bb4.24.2&Prime; _module_preset=\u00a0\u00bbdefault\u00a0\u00bb global_colors_info=\u00a0\u00bb{}\u00a0\u00bb][et_pb_text _builder_version=\u00a0\u00bb4.24.2&Prime; _module_preset=\u00a0\u00bb7a9cd4c2-c14d-4269-9615-969e8a68493a\u00a0\u00bb text_font=\u00a0\u00bb|||on|||||\u00a0\u00bb text_text_color=\u00a0\u00bbgcid-d5e9010f-34b8-49e9-afee-48227f944f94&Prime; text_font_size=\u00a0\u00bb22px\u00a0\u00bb text_letter_spacing=\u00a0\u00bb1px\u00a0\u00bb text_line_height=\u00a0\u00bb1.8em\u00a0\u00bb header_line_height=\u00a0\u00bb1.5em\u00a0\u00bb custom_margin=\u00a0\u00bb||20px||false|false\u00a0\u00bb custom_padding=\u00a0\u00bb||0px|||\u00a0\u00bb text_font_size_tablet=\u00a0\u00bb17px\u00a0\u00bb text_font_size_phone=\u00a0\u00bb13px\u00a0\u00bb text_font_size_last_edited=\u00a0\u00bbon|tablet\u00a0\u00bb header_font_size_tablet=\u00a0\u00bb\u00a0\u00bb header_font_size_phone=\u00a0\u00bb31px\u00a0\u00bb header_font_size_last_edited=\u00a0\u00bbon|phone\u00a0\u00bb locked=\u00a0\u00bboff\u00a0\u00bb global_colors_info=\u00a0\u00bb{%22gcid-d5e9010f-34b8-49e9-afee-48227f944f94%22:%91%22text_text_color%22%93}\u00a0\u00bb]<\/p>\n<h1>Les extras&#8230;<\/h1>\n<p>[\/et_pb_text][\/et_pb_column][\/et_pb_row][et_pb_row custom_padding_last_edited=\u00a0\u00bbon|tablet\u00a0\u00bb _builder_version=\u00a0\u00bb4.24.2&Prime; _module_preset=\u00a0\u00bbdefault\u00a0\u00bb background_color=\u00a0\u00bbgcid-1a99ec8a-6212-4403-98b3-a3da5117e3eb\u00a0\u00bb min_height=\u00a0\u00bb660px\u00a0\u00bb custom_margin=\u00a0\u00bb0.1%|auto||auto|false|false\u00a0\u00bb custom_margin_tablet=\u00a0\u00bb70px||||false|false\u00a0\u00bb custom_margin_phone=\u00a0\u00bb50px||||false|false\u00a0\u00bb custom_margin_last_edited=\u00a0\u00bboff|desktop\u00a0\u00bb custom_padding=\u00a0\u00bb30px|30px|30px|30px|true|true\u00a0\u00bb custom_padding_tablet=\u00a0\u00bb30px|30px|30px|30px|true|true\u00a0\u00bb custom_padding_phone=\u00a0\u00bb29px|20px|29px|20px|true|true\u00a0\u00bb locked=\u00a0\u00bboff\u00a0\u00bb global_colors_info=\u00a0\u00bb{%22gcid-1a99ec8a-6212-4403-98b3-a3da5117e3eb%22:%91%22background_color%22%93}\u00a0\u00bb][et_pb_column type=\u00a0\u00bb4_4&Prime; _builder_version=\u00a0\u00bb4.22.0&Prime; _module_preset=\u00a0\u00bbdefault\u00a0\u00bb global_colors_info=\u00a0\u00bb{}\u00a0\u00bb][et_pb_text _builder_version=\u00a0\u00bb4.22.0&Prime; _module_preset=\u00a0\u00bb6836b1b7-a879-4467-b47e-c610ae759712&Prime; custom_margin=\u00a0\u00bb||-7px|||\u00a0\u00bb global_colors_info=\u00a0\u00bb{}\u00a0\u00bb]<\/p>\n<div id=\"content\">\n<div class=\"post\">\n<p>&nbsp;<\/p>\n<p><a href=\"https:\/\/www.gpsies.com\/mapFolder.do?id=112625\" target=\"_blank\" rel=\"noopener\"><img loading=\"lazy\" decoding=\"async\" src=\"http:\/\/velo.cwb.ovh\/wp-content\/uploads\/2024\/03\/xtra18r.jpg\" alt=\"\" width=\"448\" height=\"101\" \/><\/a>\u00a0<a href=\"https:\/\/www.openrunner.com\/\" target=\"_blank\" rel=\"noopener\"><img loading=\"lazy\" decoding=\"async\" src=\"http:\/\/velo.cwb.ovh\/wp-content\/uploads\/2024\/03\/OpenRunner.jpg\" alt=\"\" width=\"140\" height=\"43\" \/><\/a><\/p>\n<p style=\"text-align: justify;\"><strong>En permanence : le Tour de Rochefort pour d\u00e9couvrir les villages rochefortois, et de longues randonn\u00e9es au d\u00e9part de Rochefort qui parcourent la Famenne, l&rsquo;Ardenne et le Condroz, les hauteurs et les vall\u00e9es de la Lesse, de la Semois, de l&rsquo;Ourthe et de la Meuse, les Ardennes fran\u00e7aises et la Semoy. Des lieux r\u00e9put\u00e9s et des c\u00f4tes c\u00e9l\u00e8bres, de plus grandes distances et des d\u00e9nivel\u00e9s plus \u00e9lev\u00e9s, pour d\u00e9couvrir encore plus de superbes paysages. Bonne route !<\/strong><\/p>\n<div style=\"text-align: justify;\"><strong>\u00a0<\/strong><\/div>\n<p><img loading=\"lazy\" decoding=\"async\" src=\"http:\/\/velo.cwb.ovh\/wp-content\/uploads\/2024\/03\/VCRXTRAS.jpg\" alt=\"\" width=\"640\" height=\"467\" \/>\u00a0<img loading=\"lazy\" decoding=\"async\" src=\"http:\/\/velo.cwb.ovh\/wp-content\/uploads\/2024\/03\/VCRXTRA00.jpg\" alt=\"\" width=\"304\" height=\"256\" \/><\/p>\n<table border=\"1\" cellspacing=\"0\" cellpadding=\"0\">\n<tbody>\n<tr>\n<td valign=\"top\" width=\"163\">\n<p align=\"center\"><a href=\"http:\/\/veloclubrochefort.be\/www.openrunner.com\/r\/10907536\" target=\"_blank\" rel=\"noopener\"><strong><em>En permanence <\/em><\/strong><\/a><\/p>\n<\/td>\n<td valign=\"top\" width=\"468\">\n<p align=\"center\"><a href=\"http:\/\/veloclubrochefort.be\/www.openrunner.com\/r\/10907536\" target=\"_blank\" rel=\"noopener\"><strong><em>Les extras \u2026<\/em><\/strong><\/a><\/p>\n<p align=\"center\"><a href=\"http:\/\/veloclubrochefort.be\/www.openrunner.com\/r\/10907536\" target=\"_blank\" rel=\"noopener\"><em>D\u00e9part et arriv\u00e9e au Pont de pierres.<strong> <\/strong><\/em><\/a><\/p>\n<\/td>\n<td valign=\"top\" width=\"61\">\n<p align=\"center\"><a href=\"http:\/\/veloclubrochefort.be\/www.openrunner.com\/r\/10907536\" target=\"_blank\" rel=\"noopener\"><strong><em>Dist.<\/em><\/strong><\/a><\/p>\n<p align=\"center\"><a href=\"http:\/\/veloclubrochefort.be\/www.openrunner.com\/r\/10907536\" target=\"_blank\" rel=\"noopener\"><strong><em>(km)<\/em><\/strong><\/a><\/p>\n<\/td>\n<td valign=\"top\" width=\"83\">\n<p align=\"center\"><a href=\"http:\/\/veloclubrochefort.be\/www.openrunner.com\/r\/10907536\" target=\"_blank\" rel=\"noopener\"><strong><em>D\u00e9niv.<\/em><\/strong><\/a><\/p>\n<p align=\"center\"><a href=\"http:\/\/veloclubrochefort.be\/www.openrunner.com\/r\/10907536\" target=\"_blank\" rel=\"noopener\"><strong><em>(m)<\/em><\/strong><\/a><\/p>\n<\/td>\n<td valign=\"top\" width=\"154\">\n<p align=\"center\"><a href=\"http:\/\/veloclubrochefort.be\/www.openrunner.com\/r\/10907536\" target=\"_blank\" rel=\"noopener\"><strong><em>Liens Carte et GPX<\/em><\/strong><\/a><\/p>\n<p align=\"center\"><a href=\"http:\/\/veloclubrochefort.be\/www.openrunner.com\/r\/10907536\" target=\"_blank\" rel=\"noopener\"><img loading=\"lazy\" decoding=\"async\" src=\"http:\/\/velo.cwb.ovh\/wp-content\/uploads\/2024\/03\/OpenRunner.jpg\" alt=\"\" width=\"114\" height=\"39\" \/><\/a><\/p>\n<\/td>\n<\/tr>\n<tr>\n<td valign=\"top\" width=\"163\">\n<p align=\"center\">00<\/p>\n<p align=\"center\"><a href=\"http:\/\/www.openrunner.com\/r\/10907536\" target=\"_blank\" rel=\"noopener\">Le Tour de Rochefort <\/a><\/p>\n<table cellspacing=\"0\" cellpadding=\"0\">\n<tbody>\n<tr>\n<td bgcolor=\"#FF5252\" width=\"161\" height=\"17\">\u00a0<\/td>\n<\/tr>\n<\/tbody>\n<\/table>\n<p style=\"text-align: center;\">\n<\/td>\n<td valign=\"top\" width=\"468\">\n<p>Rochefort \u2013 Gerny \u2013 Havrenne \u2013 Buissonville \u2013 N949 &#8211; Forz\u00e9e \u2013 N929 &#8211; Mont-Gauthier \u2013 Rue des Tailles &#8211; Frandeux \u2013 Laloux \u2013 Briquemont \u2013 Jamblinne \u2013 Villers-sur-Lesse \u2013 N94\/N911 \u2013 Lavaux-Sainte-Anne &#8211; G\u00e9nimont \u2013 N94 &#8211; Sourd d&rsquo;Ave &#8211; Ave \u2013 Auffe \u2013 Lessive \u2013 Eprave \u2013 Han-sur-Lesse \u2013 Belvaux \u2013 Wavreille \u2013 N803 &#8211; Hamerenne \u2013 Rabanisse \u2013 Jemelle \u2013 Rochefort. <em>(New 2020)<\/em><\/p>\n<\/td>\n<td valign=\"top\" width=\"61\">\n<p align=\"center\">71<\/p>\n<\/td>\n<td valign=\"top\" width=\"83\">\n<p align=\"center\">1005<\/p>\n<\/td>\n<td valign=\"top\" width=\"154\">\n<p align=\"center\"><a href=\"http:\/\/www.openrunner.com\/r\/10907536\" target=\"_blank\" rel=\"noopener\">VCRXTRA00<\/a><\/p>\n<p align=\"center\"><a href=\"http:\/\/www.openrunner.com\/r\/10907536\" target=\"_blank\" rel=\"noopener\">Carte et GPS : cliquez<\/a><\/p>\n<p align=\"center\"><a href=\"http:\/\/www.openrunner.com\/r\/10907536\" target=\"_blank\" rel=\"noopener\"><img loading=\"lazy\" decoding=\"async\" src=\"http:\/\/velo.cwb.ovh\/wp-content\/uploads\/2024\/03\/OpenRunner.jpg\" alt=\"\" width=\"120\" height=\"38\" \/><\/a><\/p>\n<\/td>\n<\/tr>\n<tr>\n<td valign=\"top\" width=\"163\">\n<p align=\"center\">01<\/p>\n<p align=\"center\"><a href=\"http:\/\/www.openrunner.com\/r\/10907561\" target=\"_blank\" rel=\"noopener\">Famenne, Ardenne et Semois<\/a><\/p>\n<table cellspacing=\"0\" cellpadding=\"0\">\n<tbody>\n<tr>\n<td bgcolor=\"#01579b\" width=\"161\" height=\"17\">\u00a0<\/td>\n<\/tr>\n<\/tbody>\n<\/table>\n<p style=\"text-align: center;\">\n<\/td>\n<td valign=\"top\" width=\"468\">\n<p>Rochefort \u2013 Le Tige \u2013 Eprave \u2013 Lessive \u2013 Genimont \u2013 Lavaux-St-Anne \u2013 Froidlieu \u2013 Sohier \u2013 Fays-Famenne \u2013 N835 \u2013 Gembes \u2013 Graide \u2013 Bi\u00e8vre \u2013 Vers Bellefontaine &#8211; Orchimont \u2013 Vresse-sur-Semois \u2013 Chairi\u00e8re \u2013 Alle \u2013 Rochehaut \u2013 Vivy \u2013 Carlsbourg \u2013 Merny \u2013 Naom\u00e9 \u2013 Opont \u2013 Fresnes &#8211; Framont \u2013 Anloy \u2013 Villance \u2013 Transinne \u2013 Smuid \u2013 Mirwart \u2013 Awenne \u2013 Mormont \u2013 Masbourg \u2013 Crawy \u2013 Nassogne &#8211; Forri\u00e8res \u2013 Les Beyolettes \u2013 Lamsoul \u2013 Rabanisse \u2013 Croix-St-Jean \u2013 Rochefort.<\/p>\n<\/td>\n<td valign=\"top\" width=\"61\">\n<p align=\"center\">140<\/p>\n<\/td>\n<td valign=\"top\" width=\"83\">\n<p align=\"center\">2424<\/p>\n<\/td>\n<td valign=\"top\" width=\"154\">\n<p align=\"center\"><a href=\"https:\/\/www.openrunner.com\/r\/10907561\" target=\"_blank\" rel=\"noopener\">VCRXTRA01<\/a><\/p>\n<p align=\"center\"><a href=\"http:\/\/www.openrunner.com\/r\/10907561\" target=\"_blank\" rel=\"noopener\">Carte et GPS : cliquez<\/a><\/p>\n<p align=\"center\"><a href=\"http:\/\/www.openrunner.com\/r\/10907561\" target=\"_blank\" rel=\"noopener\"><img loading=\"lazy\" decoding=\"async\" src=\"http:\/\/velo.cwb.ovh\/wp-content\/uploads\/2024\/03\/OpenRunner.jpg\" alt=\"\" width=\"120\" height=\"38\" \/><\/a><\/p>\n<p align=\"center\">\n<\/td>\n<\/tr>\n<tr>\n<td valign=\"top\" width=\"163\">\n<p align=\"center\">02<\/p>\n<p align=\"center\"><a href=\"http:\/\/www.openrunner.com\/r\/10907592\" target=\"_blank\" rel=\"noopener\">Famenne, Ardenne et Ourthe<\/a><\/p>\n<table cellspacing=\"0\" cellpadding=\"0\">\n<tbody>\n<tr>\n<td bgcolor=\"A52713\" width=\"161\" height=\"17\">\u00a0<\/td>\n<\/tr>\n<\/tbody>\n<\/table>\n<p style=\"text-align: center;\"><a href=\"https:\/\/www.gpsies.com\/map.do?fileId=cgqsaueyjntesryy\" target=\"_blank\" rel=\"noopener\">\u00a0<\/a><\/p>\n<\/td>\n<td valign=\"top\" width=\"468\">\n<p>Rochefort \u2013 Avenue de Montrival \u2013 Eprave \u2013 Han-sur-Lesse &#8211; Belvaux \u2013 Resteigne \u2013 Chemin du Bois \u2013 N899 \u2013 Tellin \u2013 Les Alwins\/Les Cr\u00eates \u2013 Bure \u2013 Grupont \u2013 Awenne \u2013 Fourneau-St-Michel \u2013 Saint-Hubert \u2013 Hurtebise \u2013 Lavacherie \u2013 Roumont \u2013 Wyompont \u2013 Tr\u00e8sfontaines \u2013 Cens \u2013 Hives \u2013 La Roche-en-Ardenne \u2013 Cielle \u2013 Marcouray \u2013 Devantave \u2013 Magoster \u2013 Beffe \u2013 Rendeux \u2013 Ch\u00e9oux \u2013 Roy \u2013 Charneux \u2013 Harsin \u2013 vers Nassogne &#8211; Ambly \u2013 Jemelle &#8211; Rochefort.<\/p>\n<\/td>\n<td valign=\"top\" width=\"61\">\n<p align=\"center\">130<\/p>\n<\/td>\n<td valign=\"top\" width=\"83\">\n<p align=\"center\">2384<\/p>\n<\/td>\n<td valign=\"top\" width=\"154\">\n<p align=\"center\"><a href=\"http:\/\/www.openrunner.com\/r\/10907592\" target=\"_blank\" rel=\"noopener\">VCRXTRA02<\/a><\/p>\n<p align=\"center\"><a href=\"https:\/\/www.openrunner.com\/r\/10907592\" target=\"_blank\" rel=\"noopener\">Carte et GPS : cliquez<\/a><\/p>\n<p align=\"center\"><a href=\"http:\/\/www.openrunner.com\/r\/10907592\" target=\"_blank\" rel=\"noopener\"><img loading=\"lazy\" decoding=\"async\" src=\"http:\/\/velo.cwb.ovh\/wp-content\/uploads\/2024\/03\/OpenRunner.jpg\" alt=\"\" width=\"120\" height=\"38\" \/><\/a><\/p>\n<\/td>\n<\/tr>\n<tr>\n<td valign=\"top\" width=\"163\">\n<p align=\"center\">03<\/p>\n<p align=\"center\"><a href=\"http:\/\/www.openrunner.com\/r\/10907604\" target=\"_blank\" rel=\"noopener\">Famenne, Condroz et Meuse<\/a><\/p>\n<table cellspacing=\"0\" cellpadding=\"0\">\n<tbody>\n<tr>\n<td bgcolor=\"#e69108\" width=\"161\" height=\"17\">\u00a0<\/td>\n<\/tr>\n<\/tbody>\n<\/table>\n<p style=\"text-align: center;\">\n<\/td>\n<td valign=\"top\" width=\"468\">\n<p>Rochefort \u2013 Rue du Poteau \u2013 Frandeux \u2013 Chemin des P\u00e9lerins &#8211; Mont-Gauthier \u2013 Chevetogne \u2013 Ronvaux \u2013 Conjoux \u2013 Custinne \u2013 Ver \u2013 Houyet \u2013 Herhet \u2013 Ferage &#8211; Finnevaux \u2013 Mahou \u2013 Hulsonniaux \u2013 Gendron \u2013 V\u00eaves \u2013 Furfooz \u2013 Walzin \u2013 Anseremme \u2013 Dinant \u2013 Leffe \u2013 Fonds de Leffe \u2013 Lisogne \u2013 Awagne \u2013 vers Purnode &#8211; Evrehailles \u2013 Bauche \u2013 Crupet \u2013 Durnal \u2013 Spontin \u2013 Sovet \u2013 Ach\u00eane \u2013 Corbion \u2013 Chapois \u2013 Haversin \u2013 Ch\u00e2teau \u2013 Buissonville \u2013 Hamerenne \u2013 Gerny &#8211; Rochefort.<\/p>\n<\/td>\n<td valign=\"top\" width=\"61\">\n<p align=\"center\">129<\/p>\n<\/td>\n<td valign=\"top\" width=\"83\">\n<p align=\"center\">2181<\/p>\n<\/td>\n<td valign=\"top\" width=\"154\">\n<p align=\"center\"><a href=\"http:\/\/www.openrunner.com\/r\/10907604\" target=\"_blank\" rel=\"noopener\">VCRXTRA03<\/a><\/p>\n<p align=\"center\"><a href=\"https:\/\/www.openrunner.com\/r\/10907604\" target=\"_blank\" rel=\"noopener\">Carte et GPS : cliquez<\/a><\/p>\n<p align=\"center\"><a href=\"http:\/\/www.openrunner.com\/r\/10907604\" target=\"_blank\" rel=\"noopener\"><img loading=\"lazy\" decoding=\"async\" src=\"http:\/\/velo.cwb.ovh\/wp-content\/uploads\/2024\/03\/OpenRunner.jpg\" alt=\"\" width=\"120\" height=\"38\" \/><\/a><\/p>\n<\/td>\n<\/tr>\n<tr>\n<td valign=\"top\" width=\"163\">\n<p align=\"center\">04<\/p>\n<p align=\"center\"><a href=\"http:\/\/www.openrunner.com\/r\/10907611\" target=\"_blank\" rel=\"noopener\">Famenne et Ourthe<\/a><\/p>\n<table cellspacing=\"0\" cellpadding=\"0\">\n<tbody>\n<tr>\n<td bgcolor=\"#00b050\" width=\"161\" height=\"17\">\u00a0<\/td>\n<\/tr>\n<\/tbody>\n<\/table>\n<p style=\"text-align: center;\">\n<\/td>\n<td valign=\"top\" width=\"468\">\n<p>Rochefort \u2013 Gerny \u2013 Hamerenne \u2013 Buissonville \u2013 Serinchamps \u2013 Hogne \u2013 Waillet \u2013 Baillonville \u2013 Noiseux \u2013 Petite Eineille \u2013 Grande Eineille \u2013 Palenge \u2013 Borlon \u2013 Oneux \u2013 Jenneret \u2013 Grand-Houmart \u2013 Verlaine-sur-Ourthe \u2013 Sy \u2013 Ravel &#8211; Logne \u2013 Vieuxville \u2013 Bomal \u2013 Ravel &#8211; Barvaux \u2013 Ravel \u2013 Durbuy \u2013 Petit-Han \u2013 Melreux \u2013 Hotton \u2013 Menil-Favay \u2013 Marenne \u2013 Verdenne \u2013 Champlon-Famenne \u2013 Harsin \u2013 Ambly \u2013 Forri\u00e8res \u2013 Wavreille \u2013 Belvaux \u2013 Han-sur-Lesse \u2013 Eprave \u2013 Ravel &#8211; Rochefort.<\/p>\n<\/td>\n<td valign=\"top\" width=\"61\">\n<p align=\"center\">132<\/p>\n<\/td>\n<td valign=\"top\" width=\"83\">\n<p align=\"center\">1486<\/p>\n<\/td>\n<td valign=\"top\" width=\"154\">\n<p align=\"center\"><a href=\"http:\/\/www.openrunner.com\/r\/10907611\" target=\"_blank\" rel=\"noopener\">VCRXTRA04<\/a><\/p>\n<p align=\"center\"><a href=\"https:\/\/www.openrunner.com\/r\/10907611\" target=\"_blank\" rel=\"noopener\">Carte et GPS : cliquez<\/a><\/p>\n<p align=\"center\"><a href=\"http:\/\/www.openrunner.com\/r\/10907611\" target=\"_blank\" rel=\"noopener\"><img loading=\"lazy\" decoding=\"async\" src=\"http:\/\/velo.cwb.ovh\/wp-content\/uploads\/2024\/03\/OpenRunner.jpg\" alt=\"\" width=\"120\" height=\"38\" \/><\/a><\/p>\n<\/td>\n<\/tr>\n<tr>\n<td valign=\"top\" width=\"163\">\n<p align=\"center\">05<\/p>\n<p align=\"center\"><a href=\"http:\/\/www.openrunner.com\/r\/10907623\" target=\"_blank\" rel=\"noopener\">Famenne et Ardenne<\/a><\/p>\n<table cellspacing=\"0\" cellpadding=\"0\">\n<tbody>\n<tr>\n<td bgcolor=\"#757575\" width=\"161\" height=\"17\">\u00a0<\/td>\n<\/tr>\n<\/tbody>\n<\/table>\n<p><a href=\"https:\/\/www.gpsies.com\/map.do?fileId=jisydgbtjluhmivj\" target=\"_blank\" rel=\"noopener\">\u00a0<\/a><\/p>\n<\/td>\n<td valign=\"top\" width=\"468\">\n<p style=\"text-align: left;\">Rochefort \u2013 N86 vers Han-sur-Lesse \u2013 Les Masures \u2013 Han-sur-Lesse \u2013 Belvaux \u2013 vers Bure \u2013 Mont du Carillon \u2013 Tellin\/Stan \u2013 Resteigne \u2013 La Falloise \u2013 Chanly \u2013 Halma &#8211; Tienne des Minires\/Chauss\u00e9e romaine \u2013 Lomprez &#8211; Daverdisse \u2013 Sechery \u2013 Redu \u2013 Lesse \u2013 Maissin \u2013 vers Jehonville &#8211; Paliseul &#8211; Fays-les-Veneurs \u2013 La Cornette &#8211; Auby-sur-Semois \u2013 Bertrix \u2013 Blanche-Oreille\/Assenois \u2013 Acremont &#8211; Jehonville \u2013 Anloy \u2013 Glaireuse \u2013 Pont-de-Libin \u2013 Hatrival \u2013 Saint-Hubert \u2013 Fourneau-St-Michel \u2013 Masbourg \u2013 Lesterny \u2013 Forri\u00e8res \u2013 vers Wavreille \u2013 Lamsoul \u2013 Jemelle \u2013 Rue du Hableau &#8211; Rochefort.<\/p>\n<\/td>\n<td valign=\"top\" width=\"61\">\n<p align=\"center\">140<\/p>\n<\/td>\n<td valign=\"top\" width=\"83\">\n<p align=\"center\">2466<\/p>\n<\/td>\n<td valign=\"top\" width=\"154\">\n<p align=\"center\"><a href=\"http:\/\/www.openrunner.com\/r\/10907623\" target=\"_blank\" rel=\"noopener\">VCRXTRA05<\/a><\/p>\n<p align=\"center\"><a href=\"https:\/\/www.openrunner.com\/r\/10907623\" target=\"_blank\" rel=\"noopener\">Carte et GPS : cliquez<\/a><\/p>\n<p align=\"center\"><a href=\"http:\/\/www.openrunner.com\/r\/10907623\" target=\"_blank\" rel=\"noopener\"><img loading=\"lazy\" decoding=\"async\" src=\"http:\/\/velo.cwb.ovh\/wp-content\/uploads\/2024\/03\/OpenRunner.jpg\" alt=\"\" width=\"120\" height=\"38\" \/><\/a><\/p>\n<\/td>\n<\/tr>\n<tr>\n<td valign=\"top\" width=\"163\">\n<p align=\"center\">06<\/p>\n<p align=\"center\"><a href=\"http:\/\/www.openrunner.com\/r\/10907630\" target=\"_blank\" rel=\"noopener\">Famenne, Ardennes et Meuse<\/a><\/p>\n<table cellspacing=\"0\" cellpadding=\"0\">\n<tbody>\n<tr>\n<td bgcolor=\"#9c2760\" width=\"161\" height=\"17\">\u00a0<\/td>\n<\/tr>\n<\/tbody>\n<\/table>\n<p style=\"text-align: center;\">\n<\/td>\n<td valign=\"top\" width=\"468\">\n<p>Rochefort \u2013 Rue du Poteau \u2013 N911 vers Ciergnon \u2013 Jamblinne \u2013 Villers-sur-Lesse \u2013 Wanlin \u2013 Havenne &#8211; Hour \u2013 Houyet \u2013 Wiesme \u2013 Baronville \u2013 N40\/Petit Caporal \u2013 Fromelennes \u2013 Givet \u2013 Chemin de Halage &#8211; Vireux-Wallerand \u2013 Route de Najauge\/Maz\u00e9e \u2013 Le Mesnil \u2013 Oignies-en-Thi\u00e9rache \u2013 Fumay \u2013 Voie verte &#8211; Haybes &#8211; Hargnies \u2013 Willerzie \u2013 Bourseigne-Vieille \u2013 Vencimont \u2013 vers V\u00f4neche &#8211; Froidfontaine \u2013 Honnay \u2013 Froidlieu \u2013 Lavaux-St-Anne \u2013 Genimont \u2013 Lessive \u2013 Eprave \u2013 Avenue de Montrival \u2013 Rochefort.<\/p>\n<\/td>\n<td valign=\"top\" width=\"61\">\n<p align=\"center\">139<\/p>\n<p align=\"center\">\n<\/td>\n<td valign=\"top\" width=\"83\">\n<p align=\"center\">2074<\/p>\n<p align=\"center\">\n<p align=\"center\">\n<\/td>\n<td valign=\"top\" width=\"154\">\n<p align=\"center\"><a href=\"http:\/\/www.openrunner.com\/r\/10907630\" target=\"_blank\" rel=\"noopener\">VCRXTRA06<\/a><\/p>\n<p align=\"center\"><a href=\"https:\/\/www.openrunner.com\/r\/10907630\" target=\"_blank\" rel=\"noopener\">Carte et GPS : cliquez<\/a><\/p>\n<p align=\"center\"><a href=\"http:\/\/www.openrunner.com\/r\/10907630\" target=\"_blank\" rel=\"noopener\"><img loading=\"lazy\" decoding=\"async\" src=\"http:\/\/velo.cwb.ovh\/wp-content\/uploads\/2024\/03\/OpenRunner.jpg\" alt=\"\" width=\"120\" height=\"38\" \/><\/a><\/p>\n<\/td>\n<\/tr>\n<tr>\n<td valign=\"top\" width=\"163\">\n<p align=\"center\">07<\/p>\n<p align=\"center\"><a href=\"http:\/\/www.openrunner.com\/r\/10908901\" target=\"_blank\" rel=\"noopener\">Famenne, Ardennes et Semoy<\/a><\/p>\n<table cellspacing=\"0\" cellpadding=\"0\">\n<tbody>\n<tr>\n<td bgcolor=\"#0097a7\" width=\"161\" height=\"17\">\u00a0<\/td>\n<\/tr>\n<\/tbody>\n<\/table>\n<p><a href=\"https:\/\/www.gpsies.com\/map.do?fileId=risspquvuvyqgnwa\" target=\"_blank\" rel=\"noopener\">\u00a0<\/a><\/p>\n<\/td>\n<td valign=\"top\" width=\"468\">\n<p>Rochefort \u2013 Le Tige \u2013 Eprave \u2013 Lessive \u2013 Villers-sur-Lesse \u2013 vers Jamblinne \u2013 Ravel vers Houyet \u2013 Wanlin \u2013 Focant \u2013 vers Revogne \u2013 Martouzin-Neuville \u2013 Beauraing \u2013 N981 \u2013 Sevry \u2013 Vencimont \u2013 Bourseignes-Neuve \u2013 Willerzie &#8211; Hargnies \u2013 Montherm\u00e9 \u2013 Tournavaux &#8211; Thilay \u2013 Nohan-sur-Semois &#8211; Les Hautes Rivi\u00e8res \u2013 Linchamps \u2013 Louette-St-Pierre \u2013 Gedinne \u2013 Patignies &#8211; Malvoisin \u2013 N95 \u2013 Froidfontaine \u2013 Honnay \u2013 Froidlieu \u2013 Lavaux-St-Anne \u2013 Genimont \u2013 Lessive \u2013Auffe \u2013 N86 &#8211; Han-sur-Lesse \u2013 Rochefort.<\/p>\n<p><a href=\"https:\/\/www.gpsies.com\/map.do?fileId=uxvuzfxxfobfbnlz\" target=\"_blank\" rel=\"noopener\">Variante :<\/a> <a href=\"https:\/\/www.gpsies.com\/map.do?fileId=uxvuzfxxfobfbnlz\" target=\"_blank\" rel=\"noopener\">via la Trans-Semoysienne<\/a> entre Montherm\u00e9 et Nohan-sur-Semois.<\/p>\n<\/td>\n<td valign=\"top\" width=\"61\">\n<p align=\"center\">142<\/p>\n<p align=\"center\">\n<p align=\"center\">\n<p align=\"center\">\n<p align=\"center\">\n<p align=\"center\">\n<p align=\"center\">147<\/p>\n<\/td>\n<td valign=\"top\" width=\"83\">\n<p align=\"center\">1961<\/p>\n<p align=\"center\">\n<p align=\"center\">\n<p align=\"center\">\n<p align=\"center\">\n<p align=\"center\">\n<p align=\"center\">1975<\/p>\n<\/td>\n<td valign=\"top\" width=\"154\">\n<p align=\"center\"><a href=\"http:\/\/www.openrunner.com\/r\/10908901\" target=\"_blank\" rel=\"noopener\">VCRXTRA07<\/a><\/p>\n<p align=\"center\"><a href=\"http:\/\/www.openrunner.com\/r\/10908901\" target=\"_blank\" rel=\"noopener\">Carte et GPS : cliquez<\/a><\/p>\n<p align=\"center\"><a href=\"http:\/\/www.openrunner.com\/r\/10908901\" target=\"_blank\" rel=\"noopener\"><img loading=\"lazy\" decoding=\"async\" src=\"http:\/\/velo.cwb.ovh\/wp-content\/uploads\/2024\/03\/OpenRunner.jpg\" alt=\"\" width=\"120\" height=\"38\" \/><\/a><\/p>\n<p align=\"center\">\n<p align=\"center\">\n<p align=\"center\"><a href=\"https:\/\/www.openrunner.com\/r\/10907647\" target=\"_blank\" rel=\"noopener\">Carte et GPS : cliquez<\/a><\/p>\n<p align=\"center\"><a href=\"http:\/\/www.openrunner.com\/r\/10907647\" target=\"_blank\" rel=\"noopener\"><img loading=\"lazy\" decoding=\"async\" src=\"http:\/\/velo.cwb.ovh\/wp-content\/uploads\/2024\/03\/OpenRunner.jpg\" alt=\"\" width=\"120\" height=\"38\" \/><\/a><\/p>\n<\/td>\n<\/tr>\n<tr>\n<td valign=\"top\" width=\"163\">\n<p align=\"center\">08<\/p>\n<p align=\"center\"><a href=\"http:\/\/www.openrunner.com\/r\/10907671\" target=\"_blank\" rel=\"noopener\">Famenne, Ardennes, Lesse et Semoy<\/a><\/p>\n<table cellspacing=\"0\" cellpadding=\"0\">\n<tbody>\n<tr>\n<td bgcolor=\"yellow\" width=\"161\" height=\"17\">\u00a0<\/td>\n<\/tr>\n<\/tbody>\n<\/table>\n<p><a href=\"https:\/\/www.gpsies.com\/map.do?fileId=qaxpwqtwvcurctyl\" target=\"_blank\" rel=\"noopener\">\u00a0<\/a><\/p>\n<\/td>\n<td valign=\"top\" width=\"468\">\n<p>Rochefort \u2013 Le Tige \u2013 Eprave \u2013 Lessive \u2013 Belvaux \u2013 Resteigne \u2013 Chanly \u2013 Daverdisse \u2013 Porcheresse \u2013 Graide \u2013 Bi\u00e8vre \u2013 Orchimont \u2013 Bohan \u2013 Les Hautes Rivi\u00e8res \u2013 Thilay \u2013 Tournavaux \u2013 Montherm\u00e9 \u2013 Hargnies \u2013 Willerzie \u2013 Bourseigne-Neuve \u2013 Felenne \u2013 Sevry \u2013 Javingue \u2013 Fosselettes \u2013 Feshaux \u2013 Finnevaux \u2013 Mesnil-Eglise \u2013 Houyet \u2013 Montgauthier \u2013 Ch\u00e2teau Royal \u2013 vers Villers-sur-Lesse \u2013 Ravel vers Rochefort \u2013 Rochefort.<\/p>\n<p><a href=\"https:\/\/www.gpsies.com\/map.do?fileId=qaxpwqtwvcurctyl\" target=\"_blank\" rel=\"noopener\">Variante :<\/a> <a href=\"https:\/\/www.gpsies.com\/map.do?fileId=qaxpwqtwvcurctyl\">via la Trans-Semoysienne<\/a> entre Thilay et Montherm\u00e9.<\/p>\n<\/td>\n<td valign=\"top\" width=\"61\">\n<p align=\"center\">169<\/p>\n<p align=\"center\">\n<p align=\"center\">\n<p align=\"center\">\n<p align=\"center\">\n<p align=\"center\">173<\/p>\n<\/td>\n<td valign=\"top\" width=\"83\">\n<p align=\"center\">2264<\/p>\n<p align=\"center\">\n<p align=\"center\">\n<p align=\"center\">\n<p align=\"center\">\n<p align=\"center\">2246<\/p>\n<\/td>\n<td valign=\"top\" width=\"154\">\n<p align=\"center\"><a href=\"http:\/\/www.openrunner.com\/r\/10907671\" target=\"_blank\" rel=\"noopener\">VCRXTRA08<\/a><\/p>\n<p align=\"center\"><a href=\"https:\/\/www.openrunner.com\/r\/10907671\" target=\"_blank\" rel=\"noopener\">Carte et GPS : cliquez<\/a><\/p>\n<p align=\"center\"><a href=\"http:\/\/www.openrunner.com\/r\/10907671\" target=\"_blank\" rel=\"noopener\"><img loading=\"lazy\" decoding=\"async\" src=\"http:\/\/velo.cwb.ovh\/wp-content\/uploads\/2024\/03\/OpenRunner.jpg\" alt=\"\" width=\"120\" height=\"38\" \/><\/a><\/p>\n<p align=\"center\">\n<p align=\"center\"><a href=\"https:\/\/www.openrunner.com\/r\/10907679\" target=\"_blank\" rel=\"noopener\">Carte et GPS : cliquez<\/a><\/p>\n<p align=\"center\"><a href=\"http:\/\/www.openrunner.com\/r\/10907679\" target=\"_blank\" rel=\"noopener\"><img loading=\"lazy\" decoding=\"async\" src=\"http:\/\/velo.cwb.ovh\/wp-content\/uploads\/2024\/03\/OpenRunner.jpg\" alt=\"\" width=\"120\" height=\"38\" \/><\/a><\/p>\n<\/td>\n<\/tr>\n<tr>\n<td valign=\"top\" width=\"163\">\n<p align=\"center\">09<\/p>\n<p align=\"center\"><a href=\"http:\/\/www.openrunner.com\/r\/10907694\" target=\"_blank\" rel=\"noopener\">Famenne, Ardenne et Ardoises<\/a><\/p>\n<table cellspacing=\"0\" cellpadding=\"0\">\n<tbody>\n<tr>\n<td bgcolor=\"#9fa8da\" width=\"161\" height=\"17\">\u00a0<\/td>\n<\/tr>\n<\/tbody>\n<\/table>\n<p style=\"text-align: center;\"><a href=\"https:\/\/www.gpsies.com\/map.do?fileId=lripshxloqnnzagv\" target=\"_blank\" rel=\"noopener\">\u00a0<\/a><\/p>\n<\/td>\n<td valign=\"top\" width=\"468\">\n<p>Rochefort \u2013 Gerny \u2013 Rue de l\u2019Observatoire \u2013 Hargimont \u2013 Chemin de la Wassoie \u2013 Nassogne &#8211; Mochamps \u2013 Laneuville-au-Bois &#8211; Lavacherie \u2013 vers Saint-Hubert \u2013 N848 \u2013 vers Vesqueville \u2013 Moircy \u2013 Remagne \u2013 Nimbermont \u2013 Rondu \u2013 Laneuville \u2013 Wideumont \u2013 Sainte-Marie-Chevigny \u2013 Bernimont \u2013 Tronquoy \u2013 Morival \u2013 Semel \u2013 Tournay \u2013 Grandvoir \u2013 Rossart \u2013 Biourge \u2013 Gribomont \u2013 Herbeumont \u2013 Mortehan \u2013 Dohan \u2013 Noirefontaine \u2013 Sensenruth \u2013 Ucimont \u2013 N819\/N899 \u2013 Almagne &#8211; Paliseul \u2013 Framont \u2013 Maissin \u2013 Barri\u00e8re de Transinne &#8211; Les Alwins\/Les Cr\u00eates \u2013 Bure \u2013 Rue de Han \u2013 Belvaux \u2013 Han-sur-Lesse \u2013 N86 \u2013 Rue de l\u2019Abattoir &#8211; Rochefort. <em>(New 2020)<\/em><\/p>\n<\/td>\n<td valign=\"top\" width=\"61\">\n<p align=\"center\">176<\/p>\n<\/td>\n<td valign=\"top\" width=\"83\">\n<p align=\"center\">2902<\/p>\n<\/td>\n<td valign=\"top\" width=\"154\">\n<p align=\"center\"><a href=\"http:\/\/www.openrunner.com\/r\/10907694\" target=\"_blank\" rel=\"noopener\">VCRXTRA09<\/a><\/p>\n<p align=\"center\"><a href=\"https:\/\/www.openrunner.com\/r\/10907694\" target=\"_blank\" rel=\"noopener\">Carte et GPS : cliquez<\/a><\/p>\n<p align=\"center\"><a href=\"http:\/\/www.openrunner.com\/r\/10907694\" target=\"_blank\" rel=\"noopener\"><img loading=\"lazy\" decoding=\"async\" src=\"http:\/\/velo.cwb.ovh\/wp-content\/uploads\/2024\/03\/OpenRunner.jpg\" alt=\"\" width=\"120\" height=\"38\" \/><\/a><\/p>\n<\/td>\n<\/tr>\n<\/tbody>\n<\/table>\n<div>\u00a0<\/div>\n<p><em><a href=\"https:\/\/www.openrunner.com\/\" target=\"_blank\" rel=\"noopener\">Retrouvez les cartes et traces GPS de ces parcours sur OpenRunner \u2013 V\u00e9lo Club Rochefort\u00a0:<\/a><\/em><\/p>\n<div>\n<div>\n<p><em><a href=\"https:\/\/www.openrunner.com\/\" target=\"_blank\" rel=\"noopener\"><img loading=\"lazy\" decoding=\"async\" src=\"http:\/\/velo.cwb.ovh\/wp-content\/uploads\/2024\/03\/OpenRunner.jpg\" alt=\"\" width=\"140\" height=\"43\" \/><\/a><\/em><\/p>\n<\/div>\n<\/div>\n<p><img loading=\"lazy\" decoding=\"async\" src=\"http:\/\/velo.cwb.ovh\/wp-content\/uploads\/2024\/03\/VCRXTRASsat.jpg\" alt=\"\" width=\"640\" height=\"467\" \/>\u00a0<img loading=\"lazy\" decoding=\"async\" src=\"http:\/\/velo.cwb.ovh\/wp-content\/uploads\/2024\/03\/VCRXTRA00sat.jpg\" alt=\"\" width=\"304\" height=\"256\" \/><\/p>\n<p><em><img loading=\"lazy\" decoding=\"async\" src=\"http:\/\/velo.cwb.ovh\/wp-content\/uploads\/2024\/03\/xtra182r.jpg\" alt=\"\" width=\"448\" height=\"112\" \/><\/em><\/p>\n<p><em><img loading=\"lazy\" decoding=\"async\" src=\"http:\/\/velo.cwb.ovh\/wp-content\/uploads\/2024\/03\/GSKINt20res.jpg\" alt=\"\" width=\"448\" height=\"130\" \/><\/em><\/p>\n<\/div>\n<\/div>\n<p>[\/et_pb_text][\/et_pb_column][\/et_pb_row][\/et_pb_section]<\/p>\n","protected":false},"excerpt":{"rendered":"<p>T\u00e9l\u00e9chargement du programme club complet des sorties routes et cyclos printemps-\u00e9t\u00e9\u00a0T\u00e9l\u00e9chargement du programme club complet des sorties VTT printemps-\u00e9t\u00e9Calendrier provincial Les extras&#8230; &nbsp; \u00a0 En permanence : le Tour de Rochefort pour d\u00e9couvrir les villages rochefortois, et de longues randonn\u00e9es au d\u00e9part de Rochefort qui parcourent la Famenne, l&rsquo;Ardenne et le Condroz, les hauteurs et [&hellip;]<\/p>\n","protected":false},"author":1,"featured_media":0,"parent":0,"menu_order":0,"comment_status":"closed","ping_status":"closed","template":"","meta":{"_et_pb_use_builder":"on","_et_pb_old_content":"","_et_gb_content_width":"","_monsterinsights_skip_tracking":false,"_monsterinsights_sitenote_active":false,"_monsterinsights_sitenote_note":"","_monsterinsights_sitenote_category":0,"footnotes":""},"class_list":["post-129","page","type-page","status-publish","hentry"],"_links":{"self":[{"href":"https:\/\/veloclubrochefort.be\/index.php\/wp-json\/wp\/v2\/pages\/129","targetHints":{"allow":["GET"]}}],"collection":[{"href":"https:\/\/veloclubrochefort.be\/index.php\/wp-json\/wp\/v2\/pages"}],"about":[{"href":"https:\/\/veloclubrochefort.be\/index.php\/wp-json\/wp\/v2\/types\/page"}],"author":[{"embeddable":true,"href":"https:\/\/veloclubrochefort.be\/index.php\/wp-json\/wp\/v2\/users\/1"}],"replies":[{"embeddable":true,"href":"https:\/\/veloclubrochefort.be\/index.php\/wp-json\/wp\/v2\/comments?post=129"}],"version-history":[{"count":13,"href":"https:\/\/veloclubrochefort.be\/index.php\/wp-json\/wp\/v2\/pages\/129\/revisions"}],"predecessor-version":[{"id":8967,"href":"https:\/\/veloclubrochefort.be\/index.php\/wp-json\/wp\/v2\/pages\/129\/revisions\/8967"}],"wp:attachment":[{"href":"https:\/\/veloclubrochefort.be\/index.php\/wp-json\/wp\/v2\/media?parent=129"}],"curies":[{"name":"wp","href":"https:\/\/api.w.org\/{rel}","templated":true}]}}